{"id":8607,"date":"2024-03-02T10:44:51","date_gmt":"2024-03-02T10:44:51","guid":{"rendered":"https:\/\/migrate.perfectlydigital.dev\/?page_id=8607"},"modified":"2024-09-03T11:01:51","modified_gmt":"2024-09-03T11:01:51","slug":"news","status":"publish","type":"page","link":"https:\/\/aeafrica.org\/fr\/news\/","title":{"rendered":"Nouvelles"},"content":{"rendered":"<div  data-slideshow-options=\"{&quot;animation&quot;:&quot;fade&quot;,&quot;autoplay&quot;:false,&quot;loop_autoplay&quot;:&quot;once&quot;,&quot;interval&quot;:5,&quot;loop_manual&quot;:&quot;manual-endless&quot;,&quot;autoplay_stopper&quot;:false,&quot;noNavigation&quot;:false,&quot;show_slide_delay&quot;:90}\" class='avia-content-slider avia-content-grid-active avia-content-slider1 avia-content-slider-even  avia-builder-el-0  avia-builder-el-no-sibling  av-slideshow-ui av-control-default   av-no-slider-navigation av-slideshow-manual av-loop-once av-loop-manual-endless'  itemscope=\"itemscope\" itemtype=\"https:\/\/schema.org\/Blog\" ><div class=\"avia-content-slider-inner\"><div class=\"slide-entry-wrap\"><article class='slide-entry flex_column  post-entry post-entry-10681 slide-entry-overview slide-loop-1 slide-parity-odd  av_one_half first real-thumbnail posttype-post post-format-standard'  itemscope=\"itemscope\" itemtype=\"https:\/\/schema.org\/CreativeWork\" ><a href='https:\/\/aeafrica.org\/fr\/news\/installation-of-the-new-doyen-of-fateb-central-african-republic\/' data-rel='slide-1' class='slide-image' title='Installation du nouveau doyen de FATEB \u2013 R\u00e9publique centrafricaine'><img alt=\"\" decoding=\"async\" fetchpriority=\"high\" width=\"495\" height=\"400\" src=\"https:\/\/aeafrica.org\/wp-content\/uploads\/2026\/04\/GS-IN-FATEB-NEW-DOYEN-12-495x400.jpeg\" class=\"wp-image-10684 avia-img-lazy-loading-not-10684 attachment-portfolio size-portfolio wp-post-image\" srcset=\"https:\/\/aeafrica.org\/wp-content\/uploads\/2026\/04\/GS-IN-FATEB-NEW-DOYEN-12-495x400.jpeg 495w, https:\/\/aeafrica.org\/wp-content\/uploads\/2026\/04\/GS-IN-FATEB-NEW-DOYEN-12-845x684.jpeg 845w\" sizes=\"(max-width: 495px) 100vw, 495px\" \/><\/a><div class=\"slide-content\"><header class=\"entry-content-header\"><span class=\"blog-categories minor-meta\"><a href=\"https:\/\/aeafrica.org\/fr\/Categories\/featured\/\" rel=\"tag\">En vedette<\/a>, <a href=\"https:\/\/aeafrica.org\/fr\/Categories\/news\/\" rel=\"tag\">Nouvelles<\/a> <\/span><h3 class='slide-entry-title entry-title'  itemprop=\"headline\" ><a href='https:\/\/aeafrica.org\/fr\/news\/installation-of-the-new-doyen-of-fateb-central-african-republic\/' title='Installation du nouveau doyen de FATEB \u2013 R\u00e9publique centrafricaine'>Installation du nouveau doyen de FATEB \u2013 R\u00e9publique centrafricaine<\/a><\/h3><span class=\"av-vertical-delimiter\"><\/span><\/header><\/div><footer class=\"entry-footer\"><\/footer><span class='hidden'>\n\t\t\t\t<span class='av-structured-data'  itemprop=\"image\" itemscope=\"itemscope\" itemtype=\"https:\/\/schema.org\/ImageObject\" >\n\t\t\t\t\t\t<span itemprop='url'>https:\/\/aeafrica.org\/wp-content\/uploads\/2026\/04\/GS-IN-FATEB-NEW-DOYEN-12.jpeg<\/span>\n\t\t\t\t\t\t<span itemprop='height'>853<\/span>\n\t\t\t\t\t\t<span itemprop='width'>1280<\/span>\n\t\t\t\t<\/span>\n\t\t\t\t<span class='av-structured-data'  itemprop=\"publisher\" itemtype=\"https:\/\/schema.org\/Organization\" itemscope=\"itemscope\" >\n\t\t\t\t\t\t<span itemprop='name'>Jim<\/span>\n\t\t\t\t\t\t<span itemprop='logo' itemscope itemtype='https:\/\/schema.org\/ImageObject'>\n\t\t\t\t\t\t\t<span itemprop='url'>https:\/\/aeafrica.org\/wp-content\/uploads\/2025\/04\/AEA-OLD-FR-280.png<\/span>\n\t\t\t\t\t\t<\/span>\n\t\t\t\t<\/span><span class='av-structured-data'  itemprop=\"author\" itemscope=\"itemscope\" itemtype=\"https:\/\/schema.org\/Person\" ><span itemprop='name'>Jim<\/span><\/span><span class='av-structured-data'  itemprop=\"datePublished\" datetime=\"2024-03-02T10:44:51+00:00\" >2026-04-27 09:22:20<\/span><span class='av-structured-data'  itemprop=\"dateModified\" itemtype=\"https:\/\/schema.org\/dateModified\" >2026-04-27 09:25:39<\/span><span class='av-structured-data'  itemprop=\"mainEntityOfPage\" itemtype=\"https:\/\/schema.org\/mainEntityOfPage\" ><span itemprop='name'>Installation du nouveau doyen de FATEB \u2013 R\u00e9publique centrafricaine<\/span><\/span><\/span><\/article><article class='slide-entry flex_column  post-entry post-entry-10647 slide-entry-overview slide-loop-2 slide-parity-even  av_one_half  real-thumbnail posttype-post post-format-standard'  itemscope=\"itemscope\" itemtype=\"https:\/\/schema.org\/CreativeWork\" ><a href='https:\/\/aeafrica.org\/fr\/news\/strengthening-the-churchs-response-to-crisis-in-east-southern-africa\/' data-rel='slide-1' class='slide-image' title='L&#039;AEA lance une initiative r\u00e9gionale pour coordonner la r\u00e9ponse aux crises et la consolidation de la paix.'><img alt=\"\" decoding=\"async\" fetchpriority=\"high\" width=\"495\" height=\"400\" src=\"https:\/\/aeafrica.org\/wp-content\/uploads\/2026\/04\/LS-58-495x400.jpg\" class=\"wp-image-10650 avia-img-lazy-loading-not-10650 attachment-portfolio size-portfolio wp-post-image\" \/><\/a><div class=\"slide-content\"><header class=\"entry-content-header\"><span class=\"blog-categories minor-meta\"><a href=\"https:\/\/aeafrica.org\/fr\/Categories\/featured\/\" rel=\"tag\">En vedette<\/a>, <a href=\"https:\/\/aeafrica.org\/fr\/Categories\/news\/\" rel=\"tag\">Nouvelles<\/a> <\/span><h3 class='slide-entry-title entry-title'  itemprop=\"headline\" ><a href='https:\/\/aeafrica.org\/fr\/news\/strengthening-the-churchs-response-to-crisis-in-east-southern-africa\/' title='L&#039;AEA lance une initiative r\u00e9gionale pour coordonner la r\u00e9ponse aux crises et la consolidation de la paix.'>L&#039;AEA lance une initiative r\u00e9gionale pour coordonner la r\u00e9ponse aux crises et la consolidation de la paix.<\/a><\/h3><span class=\"av-vertical-delimiter\"><\/span><\/header><\/div><footer class=\"entry-footer\"><\/footer><span class='hidden'>\n\t\t\t\t<span class='av-structured-data'  itemprop=\"image\" itemscope=\"itemscope\" itemtype=\"https:\/\/schema.org\/ImageObject\" >\n\t\t\t\t\t\t<span itemprop='url'>https:\/\/aeafrica.org\/wp-content\/uploads\/2026\/04\/LS-58.jpg<\/span>\n\t\t\t\t\t\t<span itemprop='height'>545<\/span>\n\t\t\t\t\t\t<span itemprop='width'>2048<\/span>\n\t\t\t\t<\/span>\n\t\t\t\t<span class='av-structured-data'  itemprop=\"publisher\" itemtype=\"https:\/\/schema.org\/Organization\" itemscope=\"itemscope\" >\n\t\t\t\t\t\t<span itemprop='name'>Jim<\/span>\n\t\t\t\t\t\t<span itemprop='logo' itemscope itemtype='https:\/\/schema.org\/ImageObject'>\n\t\t\t\t\t\t\t<span itemprop='url'>https:\/\/aeafrica.org\/wp-content\/uploads\/2025\/04\/AEA-OLD-FR-280.png<\/span>\n\t\t\t\t\t\t<\/span>\n\t\t\t\t<\/span><span class='av-structured-data'  itemprop=\"author\" itemscope=\"itemscope\" itemtype=\"https:\/\/schema.org\/Person\" ><span itemprop='name'>Jim<\/span><\/span><span class='av-structured-data'  itemprop=\"datePublished\" datetime=\"2024-03-02T10:44:51+00:00\" >2026-04-16 15:05:23<\/span><span class='av-structured-data'  itemprop=\"dateModified\" itemtype=\"https:\/\/schema.org\/dateModified\" >2026-04-17 11:17:09<\/span><span class='av-structured-data'  itemprop=\"mainEntityOfPage\" itemtype=\"https:\/\/schema.org\/mainEntityOfPage\" ><span itemprop='name'>L&#039;AEA lance une initiative r\u00e9gionale pour coordonner la r\u00e9ponse aux crises et la consolidation de la paix.<\/span><\/span><\/span><\/article><\/div><div class=\"slide-entry-wrap\"><article class='slide-entry flex_column  post-entry post-entry-10636 slide-entry-overview slide-loop-3 slide-parity-odd  av_one_half first real-thumbnail posttype-post post-format-standard'  itemscope=\"itemscope\" itemtype=\"https:\/\/schema.org\/CreativeWork\" ><a href='https:\/\/aeafrica.org\/fr\/news\/african-youth-leaders-convene-in-ethiopia-to-launch-continent-wide-mission-sending-model\/' data-rel='slide-1' class='slide-image' title='Des jeunes leaders africains se r\u00e9unissent en \u00c9thiopie pour lancer un mod\u00e8le d&#039;envoi de missions \u00e0 l&#039;\u00e9chelle du continent.'><img alt=\"\" decoding=\"async\" fetchpriority=\"high\" width=\"495\" height=\"400\" src=\"https:\/\/aeafrica.org\/wp-content\/uploads\/2026\/04\/ANTIOCH-6-495x400.jpg\" class=\"wp-image-10639 avia-img-lazy-loading-not-10639 attachment-portfolio size-portfolio wp-post-image\" srcset=\"https:\/\/aeafrica.org\/wp-content\/uploads\/2026\/04\/ANTIOCH-6-495x400.jpg 495w, https:\/\/aeafrica.org\/wp-content\/uploads\/2026\/04\/ANTIOCH-6-845x684.jpg 845w\" sizes=\"(max-width: 495px) 100vw, 495px\" \/><\/a><div class=\"slide-content\"><header class=\"entry-content-header\"><span class=\"blog-categories minor-meta\"><a href=\"https:\/\/aeafrica.org\/fr\/Categories\/news\/\" rel=\"tag\">Nouvelles<\/a> <\/span><h3 class='slide-entry-title entry-title'  itemprop=\"headline\" ><a href='https:\/\/aeafrica.org\/fr\/news\/african-youth-leaders-convene-in-ethiopia-to-launch-continent-wide-mission-sending-model\/' title='Des jeunes leaders africains se r\u00e9unissent en \u00c9thiopie pour lancer un mod\u00e8le d&#039;envoi de missions \u00e0 l&#039;\u00e9chelle du continent.'>Des jeunes leaders africains se r\u00e9unissent en \u00c9thiopie pour lancer un mod\u00e8le d&#039;envoi de missions \u00e0 l&#039;\u00e9chelle du continent.<\/a><\/h3><span class=\"av-vertical-delimiter\"><\/span><\/header><\/div><footer class=\"entry-footer\"><\/footer><span class='hidden'>\n\t\t\t\t<span class='av-structured-data'  itemprop=\"image\" itemscope=\"itemscope\" itemtype=\"https:\/\/schema.org\/ImageObject\" >\n\t\t\t\t\t\t<span itemprop='url'>https:\/\/aeafrica.org\/wp-content\/uploads\/2026\/04\/ANTIOCH-6-scaled.jpg<\/span>\n\t\t\t\t\t\t<span itemprop='height'>1707<\/span>\n\t\t\t\t\t\t<span itemprop='width'>2560<\/span>\n\t\t\t\t<\/span>\n\t\t\t\t<span class='av-structured-data'  itemprop=\"publisher\" itemtype=\"https:\/\/schema.org\/Organization\" itemscope=\"itemscope\" >\n\t\t\t\t\t\t<span itemprop='name'>Jim<\/span>\n\t\t\t\t\t\t<span itemprop='logo' itemscope itemtype='https:\/\/schema.org\/ImageObject'>\n\t\t\t\t\t\t\t<span itemprop='url'>https:\/\/aeafrica.org\/wp-content\/uploads\/2025\/04\/AEA-OLD-FR-280.png<\/span>\n\t\t\t\t\t\t<\/span>\n\t\t\t\t<\/span><span class='av-structured-data'  itemprop=\"author\" itemscope=\"itemscope\" itemtype=\"https:\/\/schema.org\/Person\" ><span itemprop='name'>Jim<\/span><\/span><span class='av-structured-data'  itemprop=\"datePublished\" datetime=\"2024-03-02T10:44:51+00:00\" >2026-03-18 06:40:13<\/span><span class='av-structured-data'  itemprop=\"dateModified\" itemtype=\"https:\/\/schema.org\/dateModified\" >2026-04-16 08:56:34<\/span><span class='av-structured-data'  itemprop=\"mainEntityOfPage\" itemtype=\"https:\/\/schema.org\/mainEntityOfPage\" ><span itemprop='name'>Des jeunes leaders africains se r\u00e9unissent en \u00c9thiopie pour lancer un mod\u00e8le d&#039;envoi de missions \u00e0 l&#039;\u00e9chelle du continent.<\/span><\/span><\/span><\/article><article class='slide-entry flex_column  post-entry post-entry-10614 slide-entry-overview slide-loop-4 slide-parity-even  av_one_half  real-thumbnail posttype-post post-format-standard'  itemscope=\"itemscope\" itemtype=\"https:\/\/schema.org\/CreativeWork\" ><a href='https:\/\/aeafrica.org\/fr\/news\/actea-marks-50-years-at-general-assembly-in-ethiopia\/' data-rel='slide-1' class='slide-image' title='L&#039;ACTEA c\u00e9l\u00e8bre ses 50 ans lors de son assembl\u00e9e g\u00e9n\u00e9rale en \u00c9thiopie'><img alt=\"\" decoding=\"async\" fetchpriority=\"high\" width=\"495\" height=\"400\" src=\"https:\/\/aeafrica.org\/wp-content\/uploads\/2026\/03\/IMG_9603-495x400.jpg\" class=\"wp-image-10634 avia-img-lazy-loading-not-10634 attachment-portfolio size-portfolio wp-post-image\" srcset=\"https:\/\/aeafrica.org\/wp-content\/uploads\/2026\/03\/IMG_9603-495x400.jpg 495w, https:\/\/aeafrica.org\/wp-content\/uploads\/2026\/03\/IMG_9603-845x684.jpg 845w\" sizes=\"(max-width: 495px) 100vw, 495px\" \/><\/a><div class=\"slide-content\"><header class=\"entry-content-header\"><span class=\"blog-categories minor-meta\"><a href=\"https:\/\/aeafrica.org\/fr\/Categories\/news\/\" rel=\"tag\">Nouvelles<\/a> <\/span><h3 class='slide-entry-title entry-title'  itemprop=\"headline\" ><a href='https:\/\/aeafrica.org\/fr\/news\/actea-marks-50-years-at-general-assembly-in-ethiopia\/' title='L&#039;ACTEA c\u00e9l\u00e8bre ses 50 ans lors de son assembl\u00e9e g\u00e9n\u00e9rale en \u00c9thiopie'>L&#039;ACTEA c\u00e9l\u00e8bre ses 50 ans lors de son assembl\u00e9e g\u00e9n\u00e9rale en \u00c9thiopie<\/a><\/h3><span class=\"av-vertical-delimiter\"><\/span><\/header><\/div><footer class=\"entry-footer\"><\/footer><span class='hidden'>\n\t\t\t\t<span class='av-structured-data'  itemprop=\"image\" itemscope=\"itemscope\" itemtype=\"https:\/\/schema.org\/ImageObject\" >\n\t\t\t\t\t\t<span itemprop='url'>https:\/\/aeafrica.org\/wp-content\/uploads\/2026\/03\/IMG_9603-scaled.jpg<\/span>\n\t\t\t\t\t\t<span itemprop='height'>1707<\/span>\n\t\t\t\t\t\t<span itemprop='width'>2560<\/span>\n\t\t\t\t<\/span>\n\t\t\t\t<span class='av-structured-data'  itemprop=\"publisher\" itemtype=\"https:\/\/schema.org\/Organization\" itemscope=\"itemscope\" >\n\t\t\t\t\t\t<span itemprop='name'>Jim<\/span>\n\t\t\t\t\t\t<span itemprop='logo' itemscope itemtype='https:\/\/schema.org\/ImageObject'>\n\t\t\t\t\t\t\t<span itemprop='url'>https:\/\/aeafrica.org\/wp-content\/uploads\/2025\/04\/AEA-OLD-FR-280.png<\/span>\n\t\t\t\t\t\t<\/span>\n\t\t\t\t<\/span><span class='av-structured-data'  itemprop=\"author\" itemscope=\"itemscope\" itemtype=\"https:\/\/schema.org\/Person\" ><span itemprop='name'>Jim<\/span><\/span><span class='av-structured-data'  itemprop=\"datePublished\" datetime=\"2024-03-02T10:44:51+00:00\" >2026-03-11 13:27:58<\/span><span class='av-structured-data'  itemprop=\"dateModified\" itemtype=\"https:\/\/schema.org\/dateModified\" >2026-03-11 13:58:00<\/span><span class='av-structured-data'  itemprop=\"mainEntityOfPage\" itemtype=\"https:\/\/schema.org\/mainEntityOfPage\" ><span itemprop='name'>L&#039;ACTEA c\u00e9l\u00e8bre ses 50 ans lors de son assembl\u00e9e g\u00e9n\u00e9rale en \u00c9thiopie<\/span><\/span><\/span><\/article><\/div><div class=\"slide-entry-wrap\"><article class='slide-entry flex_column  post-entry post-entry-10602 slide-entry-overview slide-loop-5 slide-parity-odd  av_one_half first real-thumbnail posttype-post post-format-standard'  itemscope=\"itemscope\" itemtype=\"https:\/\/schema.org\/CreativeWork\" ><a href='https:\/\/aeafrica.org\/fr\/news\/kenyas-prime-cabinet-secretary-joins-aea-leadership-for-60th-anniversary-thanksgiving-service-held-in-nairobi\/' data-rel='slide-1' class='slide-image' title='Le secr\u00e9taire du Premier ministre du Kenya s&#039;est joint \u00e0 la direction de l&#039;AEA pour la c\u00e9r\u00e9monie d&#039;action de gr\u00e2ce comm\u00e9morant le 60e anniversaire de l&#039;\u00e9v\u00e9nement, qui s&#039;est tenue \u00e0 Nairobi.'><img alt=\"\" decoding=\"async\" fetchpriority=\"high\" width=\"495\" height=\"400\" src=\"https:\/\/aeafrica.org\/wp-content\/uploads\/2026\/02\/AEA-WEBSITE-WIDE-3-495x400.png\" class=\"wp-image-10613 avia-img-lazy-loading-not-10613 attachment-portfolio size-portfolio wp-post-image\" \/><\/a><div class=\"slide-content\"><header class=\"entry-content-header\"><span class=\"blog-categories minor-meta\"><a href=\"https:\/\/aeafrica.org\/fr\/Categories\/news\/\" rel=\"tag\">Nouvelles<\/a> <\/span><h3 class='slide-entry-title entry-title'  itemprop=\"headline\" ><a href='https:\/\/aeafrica.org\/fr\/news\/kenyas-prime-cabinet-secretary-joins-aea-leadership-for-60th-anniversary-thanksgiving-service-held-in-nairobi\/' title='Le secr\u00e9taire du Premier ministre du Kenya s&#039;est joint \u00e0 la direction de l&#039;AEA pour la c\u00e9r\u00e9monie d&#039;action de gr\u00e2ce comm\u00e9morant le 60e anniversaire de l&#039;\u00e9v\u00e9nement, qui s&#039;est tenue \u00e0 Nairobi.'>Le secr\u00e9taire du Premier ministre du Kenya s&#039;est joint \u00e0 la direction de l&#039;AEA pour la c\u00e9r\u00e9monie d&#039;action de gr\u00e2ce comm\u00e9morant le 60e anniversaire de l&#039;\u00e9v\u00e9nement, qui s&#039;est tenue \u00e0 Nairobi.<\/a><\/h3><span class=\"av-vertical-delimiter\"><\/span><\/header><\/div><footer class=\"entry-footer\"><\/footer><span class='hidden'>\n\t\t\t\t<span class='av-structured-data'  itemprop=\"image\" itemscope=\"itemscope\" itemtype=\"https:\/\/schema.org\/ImageObject\" >\n\t\t\t\t\t\t<span itemprop='url'>https:\/\/aeafrica.org\/wp-content\/uploads\/2026\/02\/AEA-WEBSITE-WIDE-3.png<\/span>\n\t\t\t\t\t\t<span itemprop='height'>500<\/span>\n\t\t\t\t\t\t<span itemprop='width'>1400<\/span>\n\t\t\t\t<\/span>\n\t\t\t\t<span class='av-structured-data'  itemprop=\"publisher\" itemtype=\"https:\/\/schema.org\/Organization\" itemscope=\"itemscope\" >\n\t\t\t\t\t\t<span itemprop='name'>Jim<\/span>\n\t\t\t\t\t\t<span itemprop='logo' itemscope itemtype='https:\/\/schema.org\/ImageObject'>\n\t\t\t\t\t\t\t<span itemprop='url'>https:\/\/aeafrica.org\/wp-content\/uploads\/2025\/04\/AEA-OLD-FR-280.png<\/span>\n\t\t\t\t\t\t<\/span>\n\t\t\t\t<\/span><span class='av-structured-data'  itemprop=\"author\" itemscope=\"itemscope\" itemtype=\"https:\/\/schema.org\/Person\" ><span itemprop='name'>Jim<\/span><\/span><span class='av-structured-data'  itemprop=\"datePublished\" datetime=\"2024-03-02T10:44:51+00:00\" >2026-02-27 13:12:49<\/span><span class='av-structured-data'  itemprop=\"dateModified\" itemtype=\"https:\/\/schema.org\/dateModified\" >2026-02-27 13:15:51<\/span><span class='av-structured-data'  itemprop=\"mainEntityOfPage\" itemtype=\"https:\/\/schema.org\/mainEntityOfPage\" ><span itemprop='name'>Le secr\u00e9taire du Premier ministre du Kenya s&#039;est joint \u00e0 la direction de l&#039;AEA pour la c\u00e9r\u00e9monie d&#039;action de gr\u00e2ce comm\u00e9morant le 60e anniversaire de l&#039;\u00e9v\u00e9nement, qui s&#039;est tenue \u00e0 Nairobi.<\/span><\/span><\/span><\/article><article class='slide-entry flex_column  post-entry post-entry-10575 slide-entry-overview slide-loop-6 slide-parity-even  av_one_half  real-thumbnail posttype-post post-format-standard'  itemscope=\"itemscope\" itemtype=\"https:\/\/schema.org\/CreativeWork\" ><a href='https:\/\/aeafrica.org\/fr\/news\/the-africa-god-wants-aea-sg-engages-evangelical-church-in-madagascar\/' data-rel='slide-1' class='slide-image' title='L&#039;Afrique que Dieu d\u00e9sire : AEA SG s&#039;engage aupr\u00e8s de l&#039;\u00c9glise \u00e9vang\u00e9lique de Madagascar'><img alt=\"\" decoding=\"async\" fetchpriority=\"high\" width=\"495\" height=\"400\" src=\"https:\/\/aeafrica.org\/wp-content\/uploads\/2026\/01\/d0c96c23-8164-458d-b0b9-7d8b61c290ab-495x400.jpg\" class=\"wp-image-10578 avia-img-lazy-loading-not-10578 attachment-portfolio size-portfolio wp-post-image\" srcset=\"https:\/\/aeafrica.org\/wp-content\/uploads\/2026\/01\/d0c96c23-8164-458d-b0b9-7d8b61c290ab-495x400.jpg 495w, https:\/\/aeafrica.org\/wp-content\/uploads\/2026\/01\/d0c96c23-8164-458d-b0b9-7d8b61c290ab-845x684.jpg 845w\" sizes=\"(max-width: 495px) 100vw, 495px\" \/><\/a><div class=\"slide-content\"><header class=\"entry-content-header\"><span class=\"blog-categories minor-meta\"><a href=\"https:\/\/aeafrica.org\/fr\/Categories\/news\/\" rel=\"tag\">Nouvelles<\/a> <\/span><h3 class='slide-entry-title entry-title'  itemprop=\"headline\" ><a href='https:\/\/aeafrica.org\/fr\/news\/the-africa-god-wants-aea-sg-engages-evangelical-church-in-madagascar\/' title='L&#039;Afrique que Dieu d\u00e9sire : AEA SG s&#039;engage aupr\u00e8s de l&#039;\u00c9glise \u00e9vang\u00e9lique de Madagascar'>L&#039;Afrique que Dieu d\u00e9sire : AEA SG s&#039;engage aupr\u00e8s de l&#039;\u00c9glise \u00e9vang\u00e9lique de Madagascar<\/a><\/h3><span class=\"av-vertical-delimiter\"><\/span><\/header><\/div><footer class=\"entry-footer\"><\/footer><span class='hidden'>\n\t\t\t\t<span class='av-structured-data'  itemprop=\"image\" itemscope=\"itemscope\" itemtype=\"https:\/\/schema.org\/ImageObject\" >\n\t\t\t\t\t\t<span itemprop='url'>https:\/\/aeafrica.org\/wp-content\/uploads\/2026\/01\/d0c96c23-8164-458d-b0b9-7d8b61c290ab.jpg<\/span>\n\t\t\t\t\t\t<span itemprop='height'>725<\/span>\n\t\t\t\t\t\t<span itemprop='width'>1600<\/span>\n\t\t\t\t<\/span>\n\t\t\t\t<span class='av-structured-data'  itemprop=\"publisher\" itemtype=\"https:\/\/schema.org\/Organization\" itemscope=\"itemscope\" >\n\t\t\t\t\t\t<span itemprop='name'>Jim<\/span>\n\t\t\t\t\t\t<span itemprop='logo' itemscope itemtype='https:\/\/schema.org\/ImageObject'>\n\t\t\t\t\t\t\t<span itemprop='url'>https:\/\/aeafrica.org\/wp-content\/uploads\/2025\/04\/AEA-OLD-FR-280.png<\/span>\n\t\t\t\t\t\t<\/span>\n\t\t\t\t<\/span><span class='av-structured-data'  itemprop=\"author\" itemscope=\"itemscope\" itemtype=\"https:\/\/schema.org\/Person\" ><span itemprop='name'>Jim<\/span><\/span><span class='av-structured-data'  itemprop=\"datePublished\" datetime=\"2024-03-02T10:44:51+00:00\" >2026-01-16 11:24:02<\/span><span class='av-structured-data'  itemprop=\"dateModified\" itemtype=\"https:\/\/schema.org\/dateModified\" >2026-01-16 11:24:04<\/span><span class='av-structured-data'  itemprop=\"mainEntityOfPage\" itemtype=\"https:\/\/schema.org\/mainEntityOfPage\" ><span itemprop='name'>L&#039;Afrique que Dieu d\u00e9sire : AEA SG s&#039;engage aupr\u00e8s de l&#039;\u00c9glise \u00e9vang\u00e9lique de Madagascar<\/span><\/span><\/span><\/article><\/div><div class=\"slide-entry-wrap\"><article class='slide-entry flex_column  post-entry post-entry-10554 slide-entry-overview slide-loop-7 slide-parity-odd  av_one_half first real-thumbnail posttype-post post-format-standard'  itemscope=\"itemscope\" itemtype=\"https:\/\/schema.org\/CreativeWork\" ><a href='https:\/\/aeafrica.org\/fr\/news\/aea-intervenes-to-resolve-leadership-crisis-at-fateb-best\/' data-rel='slide-1' class='slide-image' title='L&#039;AEA intervient pour r\u00e9soudre la crise de leadership chez FATEB\/BEST'><img alt=\"\" decoding=\"async\" fetchpriority=\"high\" width=\"495\" height=\"400\" src=\"https:\/\/aeafrica.org\/wp-content\/uploads\/2026\/01\/AEA-WEBSITE-WIDE-3-1-495x400.png\" class=\"wp-image-10558 avia-img-lazy-loading-not-10558 attachment-portfolio size-portfolio wp-post-image\" \/><\/a><div class=\"slide-content\"><header class=\"entry-content-header\"><span class=\"blog-categories minor-meta\"><a href=\"https:\/\/aeafrica.org\/fr\/Categories\/featured\/\" rel=\"tag\">En vedette<\/a>, <a href=\"https:\/\/aeafrica.org\/fr\/Categories\/news\/\" rel=\"tag\">Nouvelles<\/a> <\/span><h3 class='slide-entry-title entry-title'  itemprop=\"headline\" ><a href='https:\/\/aeafrica.org\/fr\/news\/aea-intervenes-to-resolve-leadership-crisis-at-fateb-best\/' title='L&#039;AEA intervient pour r\u00e9soudre la crise de leadership chez FATEB\/BEST'>L&#039;AEA intervient pour r\u00e9soudre la crise de leadership chez FATEB\/BEST<\/a><\/h3><span class=\"av-vertical-delimiter\"><\/span><\/header><\/div><footer class=\"entry-footer\"><\/footer><span class='hidden'>\n\t\t\t\t<span class='av-structured-data'  itemprop=\"image\" itemscope=\"itemscope\" itemtype=\"https:\/\/schema.org\/ImageObject\" >\n\t\t\t\t\t\t<span itemprop='url'>https:\/\/aeafrica.org\/wp-content\/uploads\/2026\/01\/AEA-WEBSITE-WIDE-3-1.png<\/span>\n\t\t\t\t\t\t<span itemprop='height'>500<\/span>\n\t\t\t\t\t\t<span itemprop='width'>1400<\/span>\n\t\t\t\t<\/span>\n\t\t\t\t<span class='av-structured-data'  itemprop=\"publisher\" itemtype=\"https:\/\/schema.org\/Organization\" itemscope=\"itemscope\" >\n\t\t\t\t\t\t<span itemprop='name'>Jim<\/span>\n\t\t\t\t\t\t<span itemprop='logo' itemscope itemtype='https:\/\/schema.org\/ImageObject'>\n\t\t\t\t\t\t\t<span itemprop='url'>https:\/\/aeafrica.org\/wp-content\/uploads\/2025\/04\/AEA-OLD-FR-280.png<\/span>\n\t\t\t\t\t\t<\/span>\n\t\t\t\t<\/span><span class='av-structured-data'  itemprop=\"author\" itemscope=\"itemscope\" itemtype=\"https:\/\/schema.org\/Person\" ><span itemprop='name'>Jim<\/span><\/span><span class='av-structured-data'  itemprop=\"datePublished\" datetime=\"2024-03-02T10:44:51+00:00\" >2025-12-26 11:43:47<\/span><span class='av-structured-data'  itemprop=\"dateModified\" itemtype=\"https:\/\/schema.org\/dateModified\" >2026-01-12 11:55:31<\/span><span class='av-structured-data'  itemprop=\"mainEntityOfPage\" itemtype=\"https:\/\/schema.org\/mainEntityOfPage\" ><span itemprop='name'>L&#039;AEA intervient pour r\u00e9soudre la crise de leadership chez FATEB\/BEST<\/span><\/span><\/span><\/article><article class='slide-entry flex_column  post-entry post-entry-10542 slide-entry-overview slide-loop-8 slide-parity-even  av_one_half  real-thumbnail posttype-post post-format-standard'  itemscope=\"itemscope\" itemtype=\"https:\/\/schema.org\/CreativeWork\" ><a href='https:\/\/aeafrica.org\/fr\/news\/a-christmas-reflection-to-the-aea-family-and-fellow-believers-in-christ\/' data-rel='slide-1' class='slide-image' title='Une r\u00e9flexion de No\u00ebl \u00e0 la famille AEA et \u00e0 tous les croyants en Christ.'><img alt=\"\" decoding=\"async\" fetchpriority=\"high\" width=\"495\" height=\"400\" src=\"https:\/\/aeafrica.org\/wp-content\/uploads\/2025\/12\/AEA-WEBSITE-WIDE-2-495x400.png\" class=\"wp-image-10546 avia-img-lazy-loading-not-10546 attachment-portfolio size-portfolio wp-post-image\" \/><\/a><div class=\"slide-content\"><header class=\"entry-content-header\"><span class=\"blog-categories minor-meta\"><a href=\"https:\/\/aeafrica.org\/fr\/Categories\/news\/\" rel=\"tag\">Nouvelles<\/a> <\/span><h3 class='slide-entry-title entry-title'  itemprop=\"headline\" ><a href='https:\/\/aeafrica.org\/fr\/news\/a-christmas-reflection-to-the-aea-family-and-fellow-believers-in-christ\/' title='Une r\u00e9flexion de No\u00ebl \u00e0 la famille AEA et \u00e0 tous les croyants en Christ.'>Une r\u00e9flexion de No\u00ebl \u00e0 la famille AEA et \u00e0 tous les croyants en Christ.<\/a><\/h3><span class=\"av-vertical-delimiter\"><\/span><\/header><\/div><footer class=\"entry-footer\"><\/footer><span class='hidden'>\n\t\t\t\t<span class='av-structured-data'  itemprop=\"image\" itemscope=\"itemscope\" itemtype=\"https:\/\/schema.org\/ImageObject\" >\n\t\t\t\t\t\t<span itemprop='url'>https:\/\/aeafrica.org\/wp-content\/uploads\/2025\/12\/AEA-WEBSITE-WIDE-2.png<\/span>\n\t\t\t\t\t\t<span itemprop='height'>500<\/span>\n\t\t\t\t\t\t<span itemprop='width'>1400<\/span>\n\t\t\t\t<\/span>\n\t\t\t\t<span class='av-structured-data'  itemprop=\"publisher\" itemtype=\"https:\/\/schema.org\/Organization\" itemscope=\"itemscope\" >\n\t\t\t\t\t\t<span itemprop='name'>Jim<\/span>\n\t\t\t\t\t\t<span itemprop='logo' itemscope itemtype='https:\/\/schema.org\/ImageObject'>\n\t\t\t\t\t\t\t<span itemprop='url'>https:\/\/aeafrica.org\/wp-content\/uploads\/2025\/04\/AEA-OLD-FR-280.png<\/span>\n\t\t\t\t\t\t<\/span>\n\t\t\t\t<\/span><span class='av-structured-data'  itemprop=\"author\" itemscope=\"itemscope\" itemtype=\"https:\/\/schema.org\/Person\" ><span itemprop='name'>Jim<\/span><\/span><span class='av-structured-data'  itemprop=\"datePublished\" datetime=\"2024-03-02T10:44:51+00:00\" >2025-12-19 11:46:42<\/span><span class='av-structured-data'  itemprop=\"dateModified\" itemtype=\"https:\/\/schema.org\/dateModified\" >2025-12-19 11:48:55<\/span><span class='av-structured-data'  itemprop=\"mainEntityOfPage\" itemtype=\"https:\/\/schema.org\/mainEntityOfPage\" ><span itemprop='name'>Une r\u00e9flexion de No\u00ebl \u00e0 la famille AEA et \u00e0 tous les croyants en Christ.<\/span><\/span><\/span><\/article><\/div><div class=\"slide-entry-wrap\"><article class='slide-entry flex_column  post-entry post-entry-10532 slide-entry-overview slide-loop-9 slide-parity-odd  av_one_half first real-thumbnail posttype-post post-format-standard'  itemscope=\"itemscope\" itemtype=\"https:\/\/schema.org\/CreativeWork\" ><a href='https:\/\/aeafrica.org\/fr\/featured\/aeas-non-formal-theological-education-research-expands-with-liberia-data-collection\/' data-rel='slide-1' class='slide-image' title='Les recherches de l&#039;AEA sur l&#039;\u00e9ducation th\u00e9ologique non formelle s&#039;\u00e9tendent gr\u00e2ce \u00e0 une collecte de donn\u00e9es au Lib\u00e9ria.'><img alt=\"\" decoding=\"async\" fetchpriority=\"high\" width=\"495\" height=\"400\" src=\"https:\/\/aeafrica.org\/wp-content\/uploads\/2025\/12\/LIBERIA-MISSION-1-495x400.jpg\" class=\"wp-image-10535 avia-img-lazy-loading-not-10535 attachment-portfolio size-portfolio wp-post-image\" srcset=\"https:\/\/aeafrica.org\/wp-content\/uploads\/2025\/12\/LIBERIA-MISSION-1-495x400.jpg 495w, https:\/\/aeafrica.org\/wp-content\/uploads\/2025\/12\/LIBERIA-MISSION-1-16x12.jpg 16w, https:\/\/aeafrica.org\/wp-content\/uploads\/2025\/12\/LIBERIA-MISSION-1-845x684.jpg 845w\" sizes=\"(max-width: 495px) 100vw, 495px\" \/><\/a><div class=\"slide-content\"><header class=\"entry-content-header\"><span class=\"blog-categories minor-meta\"><a href=\"https:\/\/aeafrica.org\/fr\/Categories\/featured\/\" rel=\"tag\">En vedette<\/a> <\/span><h3 class='slide-entry-title entry-title'  itemprop=\"headline\" ><a href='https:\/\/aeafrica.org\/fr\/featured\/aeas-non-formal-theological-education-research-expands-with-liberia-data-collection\/' title='Les recherches de l&#039;AEA sur l&#039;\u00e9ducation th\u00e9ologique non formelle s&#039;\u00e9tendent gr\u00e2ce \u00e0 une collecte de donn\u00e9es au Lib\u00e9ria.'>Les recherches de l&#039;AEA sur l&#039;\u00e9ducation th\u00e9ologique non formelle s&#039;\u00e9tendent gr\u00e2ce \u00e0 une collecte de donn\u00e9es au Lib\u00e9ria.<\/a><\/h3><span class=\"av-vertical-delimiter\"><\/span><\/header><\/div><footer class=\"entry-footer\"><\/footer><span class='hidden'>\n\t\t\t\t<span class='av-structured-data'  itemprop=\"image\" itemscope=\"itemscope\" itemtype=\"https:\/\/schema.org\/ImageObject\" >\n\t\t\t\t\t\t<span itemprop='url'>https:\/\/aeafrica.org\/wp-content\/uploads\/2025\/12\/LIBERIA-MISSION-1-scaled.jpg<\/span>\n\t\t\t\t\t\t<span itemprop='height'>1922<\/span>\n\t\t\t\t\t\t<span itemprop='width'>2560<\/span>\n\t\t\t\t<\/span>\n\t\t\t\t<span class='av-structured-data'  itemprop=\"publisher\" itemtype=\"https:\/\/schema.org\/Organization\" itemscope=\"itemscope\" >\n\t\t\t\t\t\t<span itemprop='name'>Jim<\/span>\n\t\t\t\t\t\t<span itemprop='logo' itemscope itemtype='https:\/\/schema.org\/ImageObject'>\n\t\t\t\t\t\t\t<span itemprop='url'>https:\/\/aeafrica.org\/wp-content\/uploads\/2025\/04\/AEA-OLD-FR-280.png<\/span>\n\t\t\t\t\t\t<\/span>\n\t\t\t\t<\/span><span class='av-structured-data'  itemprop=\"author\" itemscope=\"itemscope\" itemtype=\"https:\/\/schema.org\/Person\" ><span itemprop='name'>Jim<\/span><\/span><span class='av-structured-data'  itemprop=\"datePublished\" datetime=\"2024-03-02T10:44:51+00:00\" >2025-12-17 18:10:11<\/span><span class='av-structured-data'  itemprop=\"dateModified\" itemtype=\"https:\/\/schema.org\/dateModified\" >2025-12-17 18:10:12<\/span><span class='av-structured-data'  itemprop=\"mainEntityOfPage\" itemtype=\"https:\/\/schema.org\/mainEntityOfPage\" ><span itemprop='name'>Les recherches de l&#039;AEA sur l&#039;\u00e9ducation th\u00e9ologique non formelle s&#039;\u00e9tendent gr\u00e2ce \u00e0 une collecte de donn\u00e9es au Lib\u00e9ria.<\/span><\/span><\/span><\/article><article class='slide-entry flex_column  post-entry post-entry-10513 slide-entry-overview slide-loop-10 slide-parity-even  av_one_half  real-thumbnail posttype-post post-format-standard'  itemscope=\"itemscope\" itemtype=\"https:\/\/schema.org\/CreativeWork\" ><a href='https:\/\/aeafrica.org\/fr\/news\/standing-together-aeas-mission-to-burundi-and-a-call-for-refugee-solidarity\/' data-rel='slide-1' class='slide-image' title='Solidarit\u00e9 : La mission d&#039;AEA au Burundi et un appel \u00e0 la solidarit\u00e9 avec les r\u00e9fugi\u00e9s'><img alt=\"\" decoding=\"async\" fetchpriority=\"high\" width=\"495\" height=\"400\" src=\"https:\/\/aeafrica.org\/wp-content\/uploads\/2025\/12\/AEA-SG-IN-BURUNDI-2025-5-495x400.jpg\" class=\"wp-image-10519 avia-img-lazy-loading-not-10519 attachment-portfolio size-portfolio wp-post-image\" srcset=\"https:\/\/aeafrica.org\/wp-content\/uploads\/2025\/12\/AEA-SG-IN-BURUNDI-2025-5-495x400.jpg 495w, https:\/\/aeafrica.org\/wp-content\/uploads\/2025\/12\/AEA-SG-IN-BURUNDI-2025-5-845x684.jpg 845w\" sizes=\"(max-width: 495px) 100vw, 495px\" \/><\/a><div class=\"slide-content\"><header class=\"entry-content-header\"><span class=\"blog-categories minor-meta\"><a href=\"https:\/\/aeafrica.org\/fr\/Categories\/news\/\" rel=\"tag\">Nouvelles<\/a> <\/span><h3 class='slide-entry-title entry-title'  itemprop=\"headline\" ><a href='https:\/\/aeafrica.org\/fr\/news\/standing-together-aeas-mission-to-burundi-and-a-call-for-refugee-solidarity\/' title='Solidarit\u00e9 : La mission d&#039;AEA au Burundi et un appel \u00e0 la solidarit\u00e9 avec les r\u00e9fugi\u00e9s'>Solidarit\u00e9 : La mission d&#039;AEA au Burundi et un appel \u00e0 la solidarit\u00e9 avec les r\u00e9fugi\u00e9s<\/a><\/h3><span class=\"av-vertical-delimiter\"><\/span><\/header><\/div><footer class=\"entry-footer\"><\/footer><span class='hidden'>\n\t\t\t\t<span class='av-structured-data'  itemprop=\"image\" itemscope=\"itemscope\" itemtype=\"https:\/\/schema.org\/ImageObject\" >\n\t\t\t\t\t\t<span itemprop='url'>https:\/\/aeafrica.org\/wp-content\/uploads\/2025\/12\/AEA-SG-IN-BURUNDI-2025-5.jpg<\/span>\n\t\t\t\t\t\t<span itemprop='height'>1706<\/span>\n\t\t\t\t\t\t<span itemprop='width'>2560<\/span>\n\t\t\t\t<\/span>\n\t\t\t\t<span class='av-structured-data'  itemprop=\"publisher\" itemtype=\"https:\/\/schema.org\/Organization\" itemscope=\"itemscope\" >\n\t\t\t\t\t\t<span itemprop='name'>Jim<\/span>\n\t\t\t\t\t\t<span itemprop='logo' itemscope itemtype='https:\/\/schema.org\/ImageObject'>\n\t\t\t\t\t\t\t<span itemprop='url'>https:\/\/aeafrica.org\/wp-content\/uploads\/2025\/04\/AEA-OLD-FR-280.png<\/span>\n\t\t\t\t\t\t<\/span>\n\t\t\t\t<\/span><span class='av-structured-data'  itemprop=\"author\" itemscope=\"itemscope\" itemtype=\"https:\/\/schema.org\/Person\" ><span itemprop='name'>Jim<\/span><\/span><span class='av-structured-data'  itemprop=\"datePublished\" datetime=\"2024-03-02T10:44:51+00:00\" >2025-12-16 15:29:45<\/span><span class='av-structured-data'  itemprop=\"dateModified\" itemtype=\"https:\/\/schema.org\/dateModified\" >2025-12-16 15:29:46<\/span><span class='av-structured-data'  itemprop=\"mainEntityOfPage\" itemtype=\"https:\/\/schema.org\/mainEntityOfPage\" ><span itemprop='name'>Solidarit\u00e9 : La mission d&#039;AEA au Burundi et un appel \u00e0 la solidarit\u00e9 avec les r\u00e9fugi\u00e9s<\/span><\/span><\/span><\/article><\/div><div class=\"slide-entry-wrap\"><article class='slide-entry flex_column  post-entry post-entry-10504 slide-entry-overview slide-loop-11 slide-parity-odd  av_one_half first real-thumbnail posttype-post post-format-standard'  itemscope=\"itemscope\" itemtype=\"https:\/\/schema.org\/CreativeWork\" ><a href='https:\/\/aeafrica.org\/fr\/featured\/sierra-leone-training-advances-aeas-scaling-up-theological-education-research\/' data-rel='slide-1' class='slide-image' title='La formation en Sierra Leone fait progresser la recherche de l&#039;AEA sur le d\u00e9veloppement de l&#039;enseignement th\u00e9ologique'><img alt=\"\" decoding=\"async\" fetchpriority=\"high\" width=\"495\" height=\"400\" src=\"https:\/\/aeafrica.org\/wp-content\/uploads\/2025\/12\/IMG-20251212-WA0009-495x400.jpg\" class=\"wp-image-10507 avia-img-lazy-loading-not-10507 attachment-portfolio size-portfolio wp-post-image\" srcset=\"https:\/\/aeafrica.org\/wp-content\/uploads\/2025\/12\/IMG-20251212-WA0009-495x400.jpg 495w, https:\/\/aeafrica.org\/wp-content\/uploads\/2025\/12\/IMG-20251212-WA0009-16x12.jpg 16w, https:\/\/aeafrica.org\/wp-content\/uploads\/2025\/12\/IMG-20251212-WA0009-845x684.jpg 845w\" sizes=\"(max-width: 495px) 100vw, 495px\" \/><\/a><div class=\"slide-content\"><header class=\"entry-content-header\"><span class=\"blog-categories minor-meta\"><a href=\"https:\/\/aeafrica.org\/fr\/Categories\/featured\/\" rel=\"tag\">En vedette<\/a> <\/span><h3 class='slide-entry-title entry-title'  itemprop=\"headline\" ><a href='https:\/\/aeafrica.org\/fr\/featured\/sierra-leone-training-advances-aeas-scaling-up-theological-education-research\/' title='La formation en Sierra Leone fait progresser la recherche de l&#039;AEA sur le d\u00e9veloppement de l&#039;enseignement th\u00e9ologique'>La formation en Sierra Leone fait progresser la recherche de l&#039;AEA sur le d\u00e9veloppement de l&#039;enseignement th\u00e9ologique<\/a><\/h3><span class=\"av-vertical-delimiter\"><\/span><\/header><\/div><footer class=\"entry-footer\"><\/footer><span class='hidden'>\n\t\t\t\t<span class='av-structured-data'  itemprop=\"image\" itemscope=\"itemscope\" itemtype=\"https:\/\/schema.org\/ImageObject\" >\n\t\t\t\t\t\t<span itemprop='url'>https:\/\/aeafrica.org\/wp-content\/uploads\/2025\/12\/IMG-20251212-WA0009.jpg<\/span>\n\t\t\t\t\t\t<span itemprop='height'>960<\/span>\n\t\t\t\t\t\t<span itemprop='width'>1280<\/span>\n\t\t\t\t<\/span>\n\t\t\t\t<span class='av-structured-data'  itemprop=\"publisher\" itemtype=\"https:\/\/schema.org\/Organization\" itemscope=\"itemscope\" >\n\t\t\t\t\t\t<span itemprop='name'>Jim<\/span>\n\t\t\t\t\t\t<span itemprop='logo' itemscope itemtype='https:\/\/schema.org\/ImageObject'>\n\t\t\t\t\t\t\t<span itemprop='url'>https:\/\/aeafrica.org\/wp-content\/uploads\/2025\/04\/AEA-OLD-FR-280.png<\/span>\n\t\t\t\t\t\t<\/span>\n\t\t\t\t<\/span><span class='av-structured-data'  itemprop=\"author\" itemscope=\"itemscope\" itemtype=\"https:\/\/schema.org\/Person\" ><span itemprop='name'>Jim<\/span><\/span><span class='av-structured-data'  itemprop=\"datePublished\" datetime=\"2024-03-02T10:44:51+00:00\" >2025-12-15 09:19:20<\/span><span class='av-structured-data'  itemprop=\"dateModified\" itemtype=\"https:\/\/schema.org\/dateModified\" >2025-12-15 09:37:49<\/span><span class='av-structured-data'  itemprop=\"mainEntityOfPage\" itemtype=\"https:\/\/schema.org\/mainEntityOfPage\" ><span itemprop='name'>La formation en Sierra Leone fait progresser la recherche de l&#039;AEA sur le d\u00e9veloppement de l&#039;enseignement th\u00e9ologique<\/span><\/span><\/span><\/article><article class='slide-entry flex_column  post-entry post-entry-10494 slide-entry-overview slide-loop-12 slide-parity-even  post-entry-last  av_one_half  real-thumbnail posttype-post post-format-standard'  itemscope=\"itemscope\" itemtype=\"https:\/\/schema.org\/CreativeWork\" ><a href='https:\/\/aeafrica.org\/fr\/news\/aea-stands-with-displaced-christians-in-northern-nigeria\/' data-rel='slide-1' class='slide-image' title='L&#039;AEA se tient aux c\u00f4t\u00e9s des chr\u00e9tiens d\u00e9plac\u00e9s du nord du Nig\u00e9ria'><img alt=\"\" decoding=\"async\" fetchpriority=\"high\" width=\"495\" height=\"400\" src=\"https:\/\/aeafrica.org\/wp-content\/uploads\/2025\/12\/IMG_1639-495x400.jpg\" class=\"wp-image-10497 avia-img-lazy-loading-not-10497 attachment-portfolio size-portfolio wp-post-image\" srcset=\"https:\/\/aeafrica.org\/wp-content\/uploads\/2025\/12\/IMG_1639-495x400.jpg 495w, https:\/\/aeafrica.org\/wp-content\/uploads\/2025\/12\/IMG_1639-16x12.jpg 16w, https:\/\/aeafrica.org\/wp-content\/uploads\/2025\/12\/IMG_1639-845x684.jpg 845w\" sizes=\"(max-width: 495px) 100vw, 495px\" \/><\/a><div class=\"slide-content\"><header class=\"entry-content-header\"><span class=\"blog-categories minor-meta\"><a href=\"https:\/\/aeafrica.org\/fr\/Categories\/news\/\" rel=\"tag\">Nouvelles<\/a> <\/span><h3 class='slide-entry-title entry-title'  itemprop=\"headline\" ><a href='https:\/\/aeafrica.org\/fr\/news\/aea-stands-with-displaced-christians-in-northern-nigeria\/' title='L&#039;AEA se tient aux c\u00f4t\u00e9s des chr\u00e9tiens d\u00e9plac\u00e9s du nord du Nig\u00e9ria'>L&#039;AEA se tient aux c\u00f4t\u00e9s des chr\u00e9tiens d\u00e9plac\u00e9s du nord du Nig\u00e9ria<\/a><\/h3><span class=\"av-vertical-delimiter\"><\/span><\/header><\/div><footer class=\"entry-footer\"><\/footer><span class='hidden'>\n\t\t\t\t<span class='av-structured-data'  itemprop=\"image\" itemscope=\"itemscope\" itemtype=\"https:\/\/schema.org\/ImageObject\" >\n\t\t\t\t\t\t<span itemprop='url'>https:\/\/aeafrica.org\/wp-content\/uploads\/2025\/12\/IMG_1639-scaled.jpg<\/span>\n\t\t\t\t\t\t<span itemprop='height'>1920<\/span>\n\t\t\t\t\t\t<span itemprop='width'>2560<\/span>\n\t\t\t\t<\/span>\n\t\t\t\t<span class='av-structured-data'  itemprop=\"publisher\" itemtype=\"https:\/\/schema.org\/Organization\" itemscope=\"itemscope\" >\n\t\t\t\t\t\t<span itemprop='name'>Jim<\/span>\n\t\t\t\t\t\t<span itemprop='logo' itemscope itemtype='https:\/\/schema.org\/ImageObject'>\n\t\t\t\t\t\t\t<span itemprop='url'>https:\/\/aeafrica.org\/wp-content\/uploads\/2025\/04\/AEA-OLD-FR-280.png<\/span>\n\t\t\t\t\t\t<\/span>\n\t\t\t\t<\/span><span class='av-structured-data'  itemprop=\"author\" itemscope=\"itemscope\" itemtype=\"https:\/\/schema.org\/Person\" ><span itemprop='name'>Jim<\/span><\/span><span class='av-structured-data'  itemprop=\"datePublished\" datetime=\"2024-03-02T10:44:51+00:00\" >2025-12-13 17:13:41<\/span><span class='av-structured-data'  itemprop=\"dateModified\" itemtype=\"https:\/\/schema.org\/dateModified\" >2025-12-13 17:14:31<\/span><span class='av-structured-data'  itemprop=\"mainEntityOfPage\" itemtype=\"https:\/\/schema.org\/mainEntityOfPage\" ><span itemprop='name'>L&#039;AEA se tient aux c\u00f4t\u00e9s des chr\u00e9tiens d\u00e9plac\u00e9s du nord du Nig\u00e9ria<\/span><\/span><\/span><\/article><\/div><\/div><div class='pagination-wrap pagination-slider'><nav class='pagination'><span class='pagination-meta'>Page 1 sur 19<\/span><span class='current'>1<\/span><a href='https:\/\/aeafrica.org\/fr\/wp-json\/wp\/v2\/pages\/8607\/?avia-element-paging=2' class='inactive next_page' >2<\/a><a href='https:\/\/aeafrica.org\/fr\/wp-json\/wp\/v2\/pages\/8607\/?avia-element-paging=3' class='inactive' >3<\/a><a href='https:\/\/aeafrica.org\/fr\/wp-json\/wp\/v2\/pages\/8607\/?avia-element-paging=2'>\u203a<\/a><a href='https:\/\/aeafrica.org\/fr\/wp-json\/wp\/v2\/pages\/8607\/?avia-element-paging=19'>\u00bb<\/a><\/nav>\n<\/div><\/div>","protected":false},"excerpt":{"rendered":"","protected":false},"author":4,"featured_media":0,"parent":0,"menu_order":0,"comment_status":"closed","ping_status":"closed","template":"","meta":{"_seopress_robots_primary_cat":"","_seopress_titles_title":"","_seopress_titles_desc":"","_seopress_robots_index":"","footnotes":""},"class_list":["post-8607","page","type-page","status-publish","hentry"],"_links":{"self":[{"href":"https:\/\/aeafrica.org\/fr\/wp-json\/wp\/v2\/pages\/8607","targetHints":{"allow":["GET"]}}],"collection":[{"href":"https:\/\/aeafrica.org\/fr\/wp-json\/wp\/v2\/pages"}],"about":[{"href":"https:\/\/aeafrica.org\/fr\/wp-json\/wp\/v2\/types\/page"}],"author":[{"embeddable":true,"href":"https:\/\/aeafrica.org\/fr\/wp-json\/wp\/v2\/users\/4"}],"replies":[{"embeddable":true,"href":"https:\/\/aeafrica.org\/fr\/wp-json\/wp\/v2\/comments?post=8607"}],"version-history":[{"count":4,"href":"https:\/\/aeafrica.org\/fr\/wp-json\/wp\/v2\/pages\/8607\/revisions"}],"predecessor-version":[{"id":9608,"href":"https:\/\/aeafrica.org\/fr\/wp-json\/wp\/v2\/pages\/8607\/revisions\/9608"}],"wp:attachment":[{"href":"https:\/\/aeafrica.org\/fr\/wp-json\/wp\/v2\/media?parent=8607"}],"curies":[{"name":"wp","href":"https:\/\/api.w.org\/{rel}","templated":true}]}}